{"id":1152,"date":"2024-10-17T11:26:46","date_gmt":"2024-10-17T11:26:46","guid":{"rendered":"https:\/\/www.huerta-associes.com\/politica-de-privacidad\/"},"modified":"2024-11-19T18:55:52","modified_gmt":"2024-11-19T18:55:52","slug":"politica-de-privacidad","status":"publish","type":"page","link":"https:\/\/www.huerta-associes.com\/fr\/politica-de-privacidad\/","title":{"rendered":"politique de confidentialit\u00e9"},"content":{"rendered":"\t\t<div data-elementor-type=\"wp-page\" data-elementor-id=\"1152\" class=\"elementor elementor-1152 elementor-834\">\n\t\t\t\t\t\t<section class=\"elementor-section elementor-top-section elementor-element elementor-element-0e394b3 elementor-section-boxed elementor-section-height-default elementor-section-height-default\" data-id=\"0e394b3\" data-element_type=\"section\" data-settings=\"{&quot;background_background&quot;:&quot;classic&quot;}\">\n\t\t\t\t\t\t\t<div class=\"elementor-background-overlay\"><\/div>\n\t\t\t\t\t\t\t<div class=\"elementor-container elementor-column-gap-default\">\n\t\t\t\t\t<div class=\"elementor-column elementor-col-100 elementor-top-column elementor-element elementor-element-e4aba58\" data-id=\"e4aba58\" data-element_type=\"column\">\n\t\t\t<div class=\"elementor-widget-wrap elementor-element-populated\">\n\t\t\t\t\t\t<section class=\"elementor-section elementor-inner-section elementor-element elementor-element-b879aca elementor-section-boxed elementor-section-height-default elementor-section-height-default\" data-id=\"b879aca\" data-element_type=\"section\" data-settings=\"{&quot;background_background&quot;:&quot;classic&quot;}\">\n\t\t\t\t\t\t<div class=\"elementor-container elementor-column-gap-default\">\n\t\t\t\t\t<div class=\"elementor-column elementor-col-100 elementor-inner-column elementor-element elementor-element-8a232ba\" data-id=\"8a232ba\" data-element_type=\"column\">\n\t\t\t<div class=\"elementor-widget-wrap elementor-element-populated\">\n\t\t\t\t\t\t<div class=\"elementor-element elementor-element-a368412 elementor-widget-mobile__width-auto animated-fast elementor-invisible elementor-widget elementor-widget-heading\" data-id=\"a368412\" data-element_type=\"widget\" data-settings=\"{&quot;_animation&quot;:&quot;fadeInLeft&quot;}\" data-widget_type=\"heading.default\">\n\t\t\t\t<div class=\"elementor-widget-container\">\n\t\t\t<h1 class=\"elementor-heading-title elementor-size-default\">Pol\u00edtica de Privacidad<\/h1>\t\t<\/div>\n\t\t\t\t<\/div>\n\t\t\t\t<div class=\"elementor-element elementor-element-932f257 animated-fast elementor-invisible elementor-widget elementor-widget-heading\" data-id=\"932f257\" data-element_type=\"widget\" data-settings=\"{&quot;_animation&quot;:&quot;fadeInLeft&quot;,&quot;_animation_delay&quot;:200}\" data-widget_type=\"heading.default\">\n\t\t\t\t<div class=\"elementor-widget-container\">\n\t\t\t<h3 class=\"elementor-heading-title elementor-size-default\">Protecci\u00f3n de Datos Personales<\/h3>\t\t<\/div>\n\t\t\t\t<\/div>\n\t\t\t\t\t<\/div>\n\t\t<\/div>\n\t\t\t\t\t<\/div>\n\t\t<\/section>\n\t\t\t\t\t<\/div>\n\t\t<\/div>\n\t\t\t\t\t<\/div>\n\t\t<\/section>\n\t\t<div class=\"elementor-element elementor-element-fb86dd6 e-flex e-con-boxed e-con e-parent\" data-id=\"fb86dd6\" data-element_type=\"container\">\n\t\t\t\t\t<div class=\"e-con-inner\">\n\t\t\t\t<div class=\"elementor-element elementor-element-0e2ce25 elementor-widget elementor-widget-text-editor\" data-id=\"0e2ce25\" data-element_type=\"widget\" data-widget_type=\"text-editor.default\">\n\t\t\t\t<div class=\"elementor-widget-container\">\n\t\t\t\t\t\t\t<p>La Pol\u00edtica de Privacidad forma parte del Aviso Legal que rige la P\u00e1gina Web: https:\/\/huerta-associes.com\/ junto con la Normativa de Uso de Cookies.<\/p>\n<p>La&nbsp; &nbsp;p\u00e1gina&nbsp; &nbsp;Web&nbsp; &nbsp;https:\/\/huerta-associes.com\/&nbsp; &nbsp;es&nbsp; &nbsp;titularidad&nbsp; &nbsp;de&nbsp; &nbsp;Carmina Huerta Chuli\u00e1 y cumple con los requisitos derivados de la Ley 34\/2002, de 11 de julio, de Servicios de la Sociedad de la Informaci\u00f3n y de Comercio Electr\u00f3nico, y normativa vigente relativa a la protecci\u00f3n de datos de car\u00e1cter personal y, en particular, el Reglamento (UE) 2016\/679 del Parlamento Europeo y del Consejo, de 27 de abril de 2016, relativo a la protecci\u00f3n de las personas f\u00edsicas en lo que respecta&nbsp; al tratamiento de datos personales y a la libre circulaci\u00f3n de estos datos y la Ley Org\u00e1nica 3\/2018, de 5 de diciembre, de Protecci\u00f3n de Datos Personales y garant\u00eda de los derechos digitales.<\/p>\n<p><\/p>\n<p>Carmina Huerta Chuli\u00e1 se reserva el derecho a modificar o adaptar la presente Pol\u00edtica de Privacidad en todo momento. Por lo tanto, le recomendamos que revise la misma cada vez que acceda a la P\u00e1gina Web. En el supuesto de&nbsp; que usuario se haya registrado en la p\u00e1gina web y acceda a su cuenta o perfil, al acceder a la misma, se le informar\u00e1 en el supuesto de que haya habido&nbsp; modificaciones sustanciales en relaci\u00f3n con el tratamiento de sus datos personales.<\/p>\n<h2>\u00bfQui\u00e9n es el responsable del tratamiento?<\/h2>\n<p>Los datos que se recojan o nos facilite voluntariamente por medio de la P\u00e1gina Web, ya sea por la navegaci\u00f3n en la misma, as\u00ed como todos aquellos que nos pueda facilitar en los formularios de contacto, v\u00eda email o por tel\u00e9fono, ser\u00e1n recabados y tratados por el Responsable del Fichero, cuyos datos se indican a continuaci\u00f3n:<\/p>\n<ul>\n<li>Identidad: Carmina Huerta Chuli\u00e1\n<\/li>\n<li>Direcci\u00f3n postal C\/ La Paz n\u00ba11, 3\u00ba &#8211; 46003 \u2013 Valencia (VALENCIA)\n<\/li>\n<li>Correo-e info@huerta-associes.com\n<\/li>\n<\/ul>\n<p>Si, por cualquier motivo, quiere ponerse en contacto con nosotros en cualquier cuesti\u00f3n relacionada con el tratamiento de sus datos personales o privacidad (con nuestro Delegado de Protecci\u00f3n de Datos), puede hacerlo a trav\u00e9s de cualquiera de los medios indicados anteriormente.<\/p>\n<p><\/p>\n<h2>\u00bfCu\u00e1ndo, por qu\u00e9, qui\u00e9n, c\u00f3mo, para qu\u00e9 y durante cu\u00e1nto tiempo tratamos sus datos personales?<\/h2>\n<p><\/p>\n<h3>\u00bfCu\u00e1ndo y por qu\u00e9?<\/h3>\n<p>Puede navegar por la mayor\u00eda de nuestras p\u00e1ginas web sin facilitar ninguna informaci\u00f3n personal, pero en algunos casos esta informaci\u00f3n es necesaria para proporcionarle los servicios electr\u00f3nicos que nos solicita.<br>Si necesitamos recabar datos personales para prestarle el servicio, trataremos la informaci\u00f3n seg\u00fan la pol\u00edtica expuesta en este documento y en las condiciones espec\u00edficas del concreto servicio de que se trate (si las hubiere), que contienen declaraciones espec\u00edficas de privacidad sobre el uso de los datos y le informan de por qu\u00e9, para qu\u00e9, c\u00f3mo, durante cu\u00e1nto tiempo tratamos sus datos personales y qu\u00e9 medidas de seguridad implementamos.<\/p>\n<h3>\u00bfQui\u00e9n recaba sus datos?<\/h3>\n<p>La recogida y tratamiento de los datos de car\u00e1cter personal que nos pueda facilitar, se llevan a cabo por nuestra entidad o, en su caso, sus encargados del tratamiento. En relaci\u00f3n a este \u00faltimo caso, estos encargados son terceros a los que se exige por contrato que su actividad respete la legalidad e implementen las medidas de seguridad adecuadas para proteger dichos datos.<\/p>\n<h3>\u00bfPara qu\u00e9?<\/h3>\n<p>Los datos personales que le solicitamos, o que nos facilites en raz\u00f3n de su navegaci\u00f3n, nos sirven para gestionar, prestar y mejorar los servicios que nos ha solicitado.<br>Por ejemplo, trataremos datos personales suyos para poder gestionar las consultas que nos env\u00ede, para poder gestionar su participaci\u00f3n en procesos de selecci\u00f3n de personal, para enviarle comunicaciones electr\u00f3nicas en el caso de que as\u00ed nos lo solicitase, y\/o para la confecci\u00f3n de estad\u00edsticas.<br>En este sentido, le solicitamos un correo electr\u00f3nico cuando usa nuestros formularios de contacto en la web. Solo recogemos los datos personales del remitente necesarios para responderle.<br>Cuando se suscribes a nuestros boletines tambi\u00e9n le solicitamos un correo electr\u00f3nico para poder prestarle el servicio, en cualquier caso puede gestionar su baja del servicio cuando lo desee y ponemos medios a su disposici\u00f3n para hacerlo.<\/p>\n<h3>\u00bfC\u00f3mo tratamos sus datos?<\/h3>\n<p>Recogemos exclusivamente la informaci\u00f3n personal en la medida necesaria para alcanzar un prop\u00f3sito espec\u00edfico. La informaci\u00f3n no se utilizar\u00e1 para una finalidad incompatible con la descrita.<br>Solamente revelamos la informaci\u00f3n a terceros si es necesaria para el cumplimiento de la finalidad del servicio y \u00fanicamente a las personas que deben conocerlos. Todo<br>ello al objeto de que se pueda prestar el servicio tratando sus datos personales con confidencialidad y reserva, conforme a la legislaci\u00f3n vigente.<br>En todo caso, nuestra entidad adopta medidas de seguridad para proteger los datos contra un posible abuso o acceso no autorizado, alteraci\u00f3n o p\u00e9rdida.<\/p>\n<h3>\u00bfCu\u00e1nto tiempo guardamos sus datos?<\/h3>\n<p>Guardamos los datos solamente por el tiempo necesario para cumplir la finalidad de su recogida o de su procesamiento posterior. El periodo de conservaci\u00f3n de los datos depender\u00e1 del servicio y en cada servicio se indicar\u00e1 la duraci\u00f3n del tratamiento de datos personales.<br>Al final de este documento le facilitamos una tabla con los periodos espec\u00edficos de conservaci\u00f3n.<\/p>\n<p><\/p>\n<h2>\u00bfCon que finalidades vamos a tratar sus datos personales?<\/h2>\n<ul>\n<li>Clientes:<br>Tratamos sus datos personales con la finalidad de (i) gestionar su compra o servicio prestado; (ii) mantener la relaci\u00f3n contractual y precontractual para la facturaci\u00f3n, elaboraci\u00f3n de presupuestos y hacer seguimiento del mismo as\u00ed como remitirle informaci\u00f3n por medios electr\u00f3nicos que versen sobre tu solicitud; (iii) env\u00edo de comunicaciones sobre informaci\u00f3n comercial por medios electr\u00f3nicos que puedan resultar de su inter\u00e9s, siempre que exista autorizaci\u00f3n expresa; (iv) podremos elaborar un perfil comercial con base en la informaci\u00f3n que nos facilite con el fin de poder ofrecerle productos y servicios de acuerdo con sus intereses. No se tomar\u00e1n decisiones automatizadas en base a dicho perfil.\n<\/li>\n<li>Proveedores:<br>Tratamos sus datos personales con la finalidad de (i) facturaci\u00f3n y (ii) mantener el contacto comercial, (iii) as\u00ed como remitirle informaci\u00f3n por medios electr\u00f3nicos sobre nuestros productos o servicios.\n<\/li>\n<li>Contactos de la web o del correo electr\u00f3nico:<br>Tratamos sus datos personales con la finalidad de (i) contestar sus consultas y solicitudes; (ii) gestionar el servicio solicitado o tramitar su pedido; (iii) remitirle informaci\u00f3n comercial por medios electr\u00f3nicos que puedan resultar de su inter\u00e9s, siempre que exista autorizaci\u00f3n expresa; (iv) podremos elaborar un perfil comercial con base en la informaci\u00f3n que nos facilite con el fin de poder ofrecerle productos y servicios de acuerdo con sus intereses. No se tomar\u00e1n decisiones automatizadas en base a dicho perfil.\n<\/li>\n<li>Usuarios de la web:<br>Por navegar por nuestra web recopilamos informaci\u00f3n sobre su navegador, su dispositivo y los datos del uso que realice de nuestra p\u00e1gina web as\u00ed como cualquier informaci\u00f3n que nos proporcione al utilizar nuestra web. De forma anonimizada o agregada, podremos registrar la direcci\u00f3n IP (n\u00famero de identificaci\u00f3n del acceso a Internet del dispositivo, que permite a los dispositivos, sistemas y servidores reconocerse y comunicarse entre s\u00ed).\n<p>La finalidad del tratamiento es (i) obtener un conocimiento pr\u00e1ctico sobre el modo en que los usuarios utilizan nuestra p\u00e1gina web que nos permita mejorarla; (ii) realizar an\u00e1lisis estad\u00edsticos que nos ayude a mejorar nuestra estrategia comercial; (iii) realizar anal\u00edticas de rendimiento de la web y (iv) por seguridad t\u00e9cnica y diagn\u00f3stico de sistemas.<br>Los datos que obtenemos no est\u00e1 relacionada con un usuario concreto y se almacenar\u00e1 en nuestras bases de datos.<\/p>\n<\/li>\n<\/ul>\n<p>Los datos anteriormente mencionados, as\u00ed como los datos personales que en su caso nos facilite, se almacenan mediante cookies que se recogen en un formato seudonimizados y se encuentran sujetos a la presentaci\u00f3n de objeciones al tratamiento de estos datos personales, como se detalla en la Pol\u00edtica de Cookies.<\/p>\n<p>Puede consultar la Pol\u00edtica de Cookies en el apartado correspondiente.<\/p>\n<p><\/p>\n<h2>\u00bfA qu\u00e9 destinatarios se comunicar\u00e1n sus datos?<\/h2>\n<p>Sus datos no se ceder\u00e1n a terceros ajenos al servicio que prestamos, salvo obligaci\u00f3n legal. En concreto se comunicar\u00e1n a la Agencia Estatal de la Administraci\u00f3n Tributaria y a bancos y entidades financieras para el cobro del servicio prestado o producto adquirido.<br>Tambi\u00e9n podr\u00e1n ser comunicados sus datos a nuestros proveedores de servicios cuando sea necesario para la ejecuci\u00f3n del contrato. En estos casos, el encargado de tratamiento se ha comprometido por contrato a emplear los datos s\u00f3lo para el fin que justifica el tratamiento y mantener medidas de seguridad adecuadas.<\/p>\n<h2>\u00bfQu\u00e9 medidas de seguridad aplicamos?<\/h2>\n<p>Puede estar tranquilo, hemos adoptado medidas t\u00e9cnicas y organizativas adecuadas para garantizar la confidencialidad, integridad y disponibilidad en el tratamiento de sus datos personales que realizamos, en concreto aquellas que evitan la p\u00e9rdida, mal uso, alteraci\u00f3n, acceso no autorizado y robo de los datos personales.<\/p>\n<p><\/p>\n<h2>\u00bfCu\u00e1les son sus derechos cuando nos facilita sus datos?<\/h2>\n<p>Puede ejercer sus derechos de acceso, rectificaci\u00f3n, supresi\u00f3n, portabilidad, limitaci\u00f3n u oposici\u00f3n al tratamiento de sus datos, incluido el derecho a retirar su consentimiento prestado, conforme se detalla a continuaci\u00f3n:<\/p>\n<ul>\n<li>Derecho de acceso: Puedes preguntarnos si estamos tratando sus datos y de qu\u00e9 manera.<\/li>\n<li>Derecho de rectificaci\u00f3n: Puedes pedirnos que actualicemos tus datos personales si son incorrectos, y suprimirlos si as\u00ed lo deseas.<\/li>\n<li>Derecho de limitaci\u00f3n del tratamiento: En este caso \u00fanicamente ser\u00e1n conservados por nosotros para el ejercicio o la defensa de reclamaciones.<\/li>\n<li>Derecho de oposici\u00f3n: Tras tu solicitud de oposici\u00f3n al tratamiento, dejaremos de tratar los datos en la forma que indiques, salvo que por motivos leg\u00edtimos imperiosos o el ejercicio o la defensa de posibles reclamaciones se tengan que seguir tratando.<\/li>\n<li>Derecho a la portabilidad de los datos: En caso de que quieras que tus datos sean tratados por otra empresa, te facilitaremos la portabilidad de tus datos al nuevo responsable.<\/li>\n<li>Derecho de supresi\u00f3n: Puedes solicitar que eliminemos tus datos cuando ya no sean necesarios para el tratamiento, retires tu consentimiento, sea un tratamiento il\u00edcito o haya una obligaci\u00f3n legal de hacerlo. Analizaremos el supuesto y aplicaremos la ley.<\/li>\n<\/ul>\n<p>Si necesitas m\u00e1s informaci\u00f3n sobre qu\u00e9 derechos tienes reconocidos en la Ley y c\u00f3mo ejercerlos, te recomendamos dirigirte a la <a href=\"https:\/\/www.aepd.es\/\">Agencia Espa\u00f1ola de Protecci\u00f3n de Datos<\/a>, que es la autoridad de control en materia de protecci\u00f3n de datos.<br>Puede dirigirse al Delegado de Protecci\u00f3n de Datos con car\u00e1cter previo a la presentaci\u00f3n de una reclamaci\u00f3n contra el responsable del tratamiento ante la AEPD.<\/p>\n<p>En el caso de que no te hayamos atendido el ejercicio de sus derechos puedes presentar una reclamaci\u00f3n ante la Agencia Espa\u00f1ola de Protecci\u00f3n de Datos.<br>Disponemos de formularios para el ejercicio de derechos que pueden ser solicitados al correo electr\u00f3nico citado m\u00e1s arriba; tambi\u00e9n puede utilizar los elaborados por la Agencia Espa\u00f1ola de Protecci\u00f3n de Datos o los de terceros. Estos formularios deber\u00e1n ir firmados electr\u00f3nicamente o ser acompa\u00f1ados de fotocopia del DNI. Si<br>se act\u00faa por medio de representante de la misma manera deber\u00e1 ir acompa\u00f1ado de copia de su DNI o con firma electr\u00f3nica.<br>Los formularios deber\u00e1n ser presentados presencialmente o remitidos por correo postal o electr\u00f3nico en las direcciones que aparecen en el apartado \u201cResponsable\u201d.<\/p>\n<p>El plazo m\u00e1ximo para resolver es el de un mes a contar desde la recepci\u00f3n de su solicitud.<\/p>\n<h2>&nbsp;<\/h2>\n<h2>\u00bfPor cu\u00e1nto tiempo conservaremos sus datos?<\/h2>\n<p>Los datos personales ser\u00e1n mantenidos mientras mantenga la vinculaci\u00f3n con nosotros.<br>Al finalizar el mismo, los datos personales tratados en cada una de las finalidades indicadas se mantendr\u00e1n durante los plazos legalmente previstos. En caso de no existir ese plazo legal hasta que el interesado solicite su supresi\u00f3n o revoque el consentimiento otorgado, o durante el plazo que un juez o tribunal los pueda requerir atendiendo al plazo de prescripci\u00f3n de acciones judiciales.<br>En cada tratamiento o tipolog\u00eda de datos, te facilitamos un periodo espec\u00edfico, que puedes consultar en la siguiente tabla:<\/p>\n<table>\n<thead>\n<tr>\n<th>Fichero<\/th>\n<th>Documento<\/th>\n<th>Conservaci\u00f3n<\/th>\n<\/tr>\n<\/thead>\n<tbody>\n<tr>\n<td>Clientes<\/td>\n<td>Facturas<br>Curriculums<br>Contratos<br>Datos de trabajadores temporales y contratos<br>Expediente del trabajador<\/td>\n<td>10 a\u00f1os (facturas)<br>Hasta el fin del proceso de selecci\u00f3n y 1 a\u00f1o m\u00e1s con consentimiento. (Curriculums)<br>5 a\u00f1os (Contratos), <br>4 a\u00f1os (Datos de trabajadores temporales y contratos)<br>Hasta 5 a\u00f1os tras la baja (Expediente del trabajador)<\/td>\n<\/tr>\n<tr>\n<td>M\u00e1rketing<\/td>\n<td>Bases de datos o visitantes de la web<\/td>\n<td>Mientras dure el tratamiento<\/td>\n<\/tr>\n<tr>\n<td>Proveedores<\/td>\n<td>Facturas<br>Contratos<\/td>\n<td>10 a\u00f1os (Facturas)<br>5 a\u00f1os (Contratos)<\/td>\n<\/tr>\n<tr>\n<td>Contabilidad<\/td>\n<td>Libros y Documentos contables<\/td>\n<td>6 a\u00f1os<\/td>\n<\/tr>\n<tr>\n<td>Fiscal<\/td>\n<td>Llevanza de la administraci\u00f3n de la empresa, derechos y obligaciones relativos al pago de impuestos<\/td>\n<td>10 a\u00f1os<\/td>\n<\/tr>\n<tr>\n<td>Seguros<\/td>\n<td>P\u00f3lizas de seguros<\/td>\n<td>6 a\u00f1os (regla general)<br>2 a\u00f1os (da\u00f1os)<\/td>\n<\/tr>\n<tr>\n<td>Compras<\/td>\n<td>Registro de todas las entregadas de bienes o prestaci\u00f3n de servicios, adquisiciones intracomunitarias, importaciones y exportaciones a efectos de IVA<\/td>\n<td>5 a\u00f1os<\/td>\n<\/tr>\n<tr>\n<td>LOPD<\/td>\n<td>Tratamiento de datos personales<br>Datos personales de empleados almacenados en redes, ordenadores y equipos de comunicaciones utilizados, controles de acceso y sistemas de gesti\u00f3n\/administraci\u00f3n internos<\/td>\n<td>3 a\u00f1os (Tratamiento de datos personales)<br>5 a\u00f1os (Datos personales de empleados)<\/td>\n<\/tr>\n<\/tbody>\n<\/table>\n<p><br><\/p>\n<p><br><\/p>\t\t\t\t\t\t<\/div>\n\t\t\t\t<\/div>\n\t\t\t\t\t<\/div>\n\t\t\t\t<\/div>\n\t\t\t\t<\/div>\n\t\t","protected":false},"excerpt":{"rendered":"<p>Pol\u00edtica de Privacidad Protecci\u00f3n de Datos Personales La Pol\u00edtica de Privacidad forma parte del Aviso Legal que rige la P\u00e1gina Web: https:\/\/huerta-associes.com\/ junto con la Normativa de Uso de Cookies. La&nbsp; &nbsp;p\u00e1gina&nbsp; &nbsp;Web&nbsp; &nbsp;https:\/\/huerta-associes.com\/&nbsp; &nbsp;es&nbsp; &nbsp;titularidad&nbsp; &nbsp;de&nbsp; &nbsp;Carmina Huerta Chuli\u00e1 y cumple con los requisitos derivados de la Ley 34\/2002, de 11 de julio, de [&hellip;]<\/p>\n","protected":false},"author":2,"featured_media":0,"parent":0,"menu_order":0,"comment_status":"closed","ping_status":"closed","template":"","meta":{"footnotes":""},"class_list":["post-1152","page","type-page","status-publish","hentry"],"_links":{"self":[{"href":"https:\/\/www.huerta-associes.com\/fr\/wp-json\/wp\/v2\/pages\/1152","targetHints":{"allow":["GET"]}}],"collection":[{"href":"https:\/\/www.huerta-associes.com\/fr\/wp-json\/wp\/v2\/pages"}],"about":[{"href":"https:\/\/www.huerta-associes.com\/fr\/wp-json\/wp\/v2\/types\/page"}],"author":[{"embeddable":true,"href":"https:\/\/www.huerta-associes.com\/fr\/wp-json\/wp\/v2\/users\/2"}],"replies":[{"embeddable":true,"href":"https:\/\/www.huerta-associes.com\/fr\/wp-json\/wp\/v2\/comments?post=1152"}],"version-history":[{"count":1,"href":"https:\/\/www.huerta-associes.com\/fr\/wp-json\/wp\/v2\/pages\/1152\/revisions"}],"predecessor-version":[{"id":1205,"href":"https:\/\/www.huerta-associes.com\/fr\/wp-json\/wp\/v2\/pages\/1152\/revisions\/1205"}],"wp:attachment":[{"href":"https:\/\/www.huerta-associes.com\/fr\/wp-json\/wp\/v2\/media?parent=1152"}],"curies":[{"name":"wp","href":"https:\/\/api.w.org\/{rel}","templated":true}]}}